{"id":9270,"date":"2019-04-12T03:24:27","date_gmt":"2019-04-12T03:24:27","guid":{"rendered":"https:\/\/www.blana.ro\/home-classic\/"},"modified":"2025-11-28T18:37:24","modified_gmt":"2025-11-28T16:37:24","slug":"home","status":"publish","type":"page","link":"https:\/\/www.blana.ro\/en\/","title":{"rendered":"Home &#8211; Classic"},"content":{"rendered":"[vc_row et_full_width=&#8221;true&#8221; et_row_padding=&#8221;true&#8221; et_column_align=&#8221;align-center&#8221; el_id=&#8221;main-slider-row&#8221;][vc_column]<div id=\"et-banner-slider-69f427beb1ec6\" class=\"et-banner-slider slick slick-slider slick-controls-gray slick-dots-inside\" data-navigation=\"true\" data-pagination=\"true\" data-fade=\"true\" data-autoplay=\"true\" data-autoplay-speed=\"4000\" data-infinite=\"true\" data-pause=\"true\" data-columns=\"1\" >\r\n\t\t<div class=\"et-banner-69f427beb1f9e et-banner content-full  image-type-fluid text-color-light hover-effect hover-zoom \"><img decoding=\"async\" width=\"1886\" height=\"1060\" src=\"https:\/\/www.blana.ro\/wp-content\/uploads\/2025\/10\/BLANURI-NATURALE-DE-LUX.jpg\" class=\"attachment-full size-full\" alt=\"Blanuri naturale de lux pentru femei, paltoane, veste \u0219i c\u0103ciuli elegante din blan\u0103 feature-rich, brand Casa de bl\u0103nuri MG, pentru stil sofisticat \u0219i confort pe sezonul rece.\" srcset=\"https:\/\/www.blana.ro\/wp-content\/uploads\/2025\/10\/BLANURI-NATURALE-DE-LUX.jpg 1886w, https:\/\/www.blana.ro\/wp-content\/uploads\/2025\/10\/BLANURI-NATURALE-DE-LUX-300x169.jpg 300w, https:\/\/www.blana.ro\/wp-content\/uploads\/2025\/10\/BLANURI-NATURALE-DE-LUX-1024x576.jpg 1024w, https:\/\/www.blana.ro\/wp-content\/uploads\/2025\/10\/BLANURI-NATURALE-DE-LUX-768x432.jpg 768w, https:\/\/www.blana.ro\/wp-content\/uploads\/2025\/10\/BLANURI-NATURALE-DE-LUX-1536x863.jpg 1536w, https:\/\/www.blana.ro\/wp-content\/uploads\/2025\/10\/BLANURI-NATURALE-DE-LUX-150x84.jpg 150w, https:\/\/www.blana.ro\/wp-content\/uploads\/2025\/10\/BLANURI-NATURALE-DE-LUX-600x337.jpg 600w, https:\/\/www.blana.ro\/wp-content\/uploads\/2025\/10\/BLANURI-NATURALE-DE-LUX-900x506.jpg 900w\" sizes=\"(max-width: 1886px) 100vw, 1886px\" \/>\r\n\t\t\t<div class=\"et-banner-content\">\r\n\t\t\t\t<div class=\"et-banner-content-inner container\">\r\n\t\t\t\t\t<div class=\"et-banner-text h_right v_center align_right\">\r\n\t\t\t\t\t\t<div class=\"et-banner-text-inner animated\" data-animate=\"et-fadeInUp\"><div class=\"et-banner-subtitle  color- tag_style\">MG Fur House<\/div><h2 class=\"et-banner-title color- xxlarge\">NATURAL FURS<\/h2><a href=\"https:\/\/www.blana.ro\/en\/luxury-furs\/\" class=\"et-banner-link button et_btn link color- \">Shop Now<\/a><\/div>\r\n\t\t\t\t\t<\/div>\r\n\t\t\t\t<\/div>\r\n\t\t\t<\/div>\r\n\t\t<\/div><\/div>[\/vc_column][\/vc_row][vc_row css=&#8221;.vc_custom_1579142078604{margin-top: 35px !important;margin-bottom: 35px !important;}&#8221;][vc_column][vc_row_inner equal_height=&#8221;yes&#8221; content_placement=&#8221;middle&#8221;][vc_column_inner animation=&#8221;animation bottom-to-top&#8221; offset=&#8221;vc_col-md-4&#8243; css=&#8221;.vc_custom_1579111806249{margin-top: 15px !important;margin-bottom: 15px !important;}&#8221;]\r\n\t\t<div class=\"et-banner-69f427beb2890 et-banner content-full  image-type-fluid text-color-light hover-effect hover-zoom \"><img decoding=\"async\" width=\"582\" height=\"755\" src=\"https:\/\/www.blana.ro\/wp-content\/uploads\/2025\/10\/veste-categ.jpg\" class=\"attachment-medium_large size-medium_large\" alt=\"Palton din blan\u0103 de capr\u0103 pentru femei, stil modern, confortabil \u0219i elegant, de la Casa de bl\u0103nuri MG, ideal pentru sezonul rece, \u00een nuan\u021be de gri natural.\" srcset=\"https:\/\/www.blana.ro\/wp-content\/uploads\/2025\/10\/veste-categ.jpg 582w, https:\/\/www.blana.ro\/wp-content\/uploads\/2025\/10\/veste-categ-231x300.jpg 231w, https:\/\/www.blana.ro\/wp-content\/uploads\/2025\/10\/veste-categ-116x150.jpg 116w\" sizes=\"(max-width: 582px) 100vw, 582px\" \/>\r\n\t\t\t<div class=\"et-banner-content\">\r\n\t\t\t\t<div class=\"et-banner-content-inner container\">\r\n\t\t\t\t\t<div class=\"et-banner-text h_center v_bottom align_center\">\r\n\t\t\t\t\t\t<div class=\"et-banner-text-inner\"><a href=\"https:\/\/www.blana.ro\/en\/fur-vests\/\" class=\"et-banner-link button et_btn solid color-accent \">Fur Vests<\/a><\/div>\r\n\t\t\t\t\t<\/div>\r\n\t\t\t\t<\/div>\r\n\t\t\t<\/div>\r\n\t\t<\/div>[\/vc_column_inner][vc_column_inner animation=&#8221;animation bottom-to-top&#8221; offset=&#8221;vc_col-md-4&#8243; css=&#8221;.vc_custom_1614243765923{margin-top: 15px !important;margin-bottom: 15px !important;}&#8221;]\r\n\t\t<div class=\"et-banner-69f427beb2bdb et-banner content-full  image-type-fluid text-color-light hover-effect hover-zoom \"><img decoding=\"async\" width=\"582\" height=\"755\" src=\"https:\/\/www.blana.ro\/wp-content\/uploads\/2025\/10\/haine-categ.jpg\" class=\"attachment-medium_large size-medium_large\" alt=\"Palton din blan\u0103 pentru femei, lung \u0219i elegant, cu detalii naturale \u0219i finisaje fine; veste, c\u0103ciuli \u0219i accesorii de calitate, brand Casa de bl\u0103nuri MG.\" srcset=\"https:\/\/www.blana.ro\/wp-content\/uploads\/2025\/10\/haine-categ.jpg 582w, https:\/\/www.blana.ro\/wp-content\/uploads\/2025\/10\/haine-categ-231x300.jpg 231w, https:\/\/www.blana.ro\/wp-content\/uploads\/2025\/10\/haine-categ-116x150.jpg 116w\" sizes=\"(max-width: 582px) 100vw, 582px\" \/>\r\n\t\t\t<div class=\"et-banner-content\">\r\n\t\t\t\t<div class=\"et-banner-content-inner container\">\r\n\t\t\t\t\t<div class=\"et-banner-text h_center v_bottom align_center\">\r\n\t\t\t\t\t\t<div class=\"et-banner-text-inner\"><a href=\"https:\/\/www.blana.ro\/en\/natural-fur-coats\/\" class=\"et-banner-link button et_btn solid color-dark \">Natural fur coats<\/a><\/div>\r\n\t\t\t\t\t<\/div>\r\n\t\t\t\t<\/div>\r\n\t\t\t<\/div>\r\n\t\t<\/div>[\/vc_column_inner][vc_column_inner et_column_color=&#8221;et-light-column&#8221; animation=&#8221;animation bottom-to-top&#8221; offset=&#8221;vc_col-md-4&#8243; css=&#8221;.vc_custom_1614241045264{margin-top: 15px !important;margin-bottom: 15px !important;}&#8221;]\r\n\t\t<div class=\"et-banner-69f427beb2efd et-banner content-full  image-type-fluid text-color-dark hover-effect hover-zoom \"><img decoding=\"async\" width=\"582\" height=\"755\" src=\"https:\/\/www.blana.ro\/wp-content\/uploads\/2025\/10\/cape-categ.jpg\" class=\"attachment-medium_large size-medium_large\" alt=\"Rochie de blan\u0103 pentru femei, elegant\u0103 \u0219i luxoas\u0103, cu detalii de calitate \u0219i un design modern, perfect\u0103 pentru sezonul rece. Brand: Casa de bl\u0103nuri MG.\" srcset=\"https:\/\/www.blana.ro\/wp-content\/uploads\/2025\/10\/cape-categ.jpg 582w, https:\/\/www.blana.ro\/wp-content\/uploads\/2025\/10\/cape-categ-231x300.jpg 231w, https:\/\/www.blana.ro\/wp-content\/uploads\/2025\/10\/cape-categ-116x150.jpg 116w\" sizes=\"(max-width: 582px) 100vw, 582px\" \/>\r\n\t\t\t<div class=\"et-banner-content\">\r\n\t\t\t\t<div class=\"et-banner-content-inner container\">\r\n\t\t\t\t\t<div class=\"et-banner-text h_center v_bottom align_center\">\r\n\t\t\t\t\t\t<div class=\"et-banner-text-inner\"><a href=\"https:\/\/www.blana.ro\/en\/capes-fur-stoles\/\" class=\"et-banner-link button et_btn solid color-light \">Capes - Fur stoles<\/a><\/div>\r\n\t\t\t\t\t<\/div>\r\n\t\t\t\t<\/div>\r\n\t\t\t<\/div>\r\n\t\t<\/div>[\/vc_column_inner][\/vc_row_inner][\/vc_column][\/vc_row][vc_row et_full_width=&#8221;true&#8221; et_row_padding=&#8221;true&#8221;][vc_column][vc_separator css=&#8221;.vc_custom_1556305572662{margin-bottom: 0px !important;}&#8221;][\/vc_column][\/vc_row][vc_row css=&#8221;.vc_custom_1579142113600{margin-top: 60px !important;margin-bottom: 40px !important;}&#8221;][vc_column animation=&#8221;animation bottom-to-top&#8221;][vc_row_inner el_class=&#8221;align-center&#8221;][vc_column_inner el_class=&#8221;text-center&#8221; offset=&#8221;vc_col-lg-6 vc_col-md-9&#8243;][vc_column_text]\n<h2>Our Proposal<\/h2>\n<p>Premium natural furs with unique designs at special prices.[\/vc_column_text][\/vc_column_inner][\/vc_row_inner][vc_row_inner][vc_column_inner]\t\t\t\n\t\t\t<div class=\"carousel-container\">\n\t\t\t\t<ul class=\"et-product et-main-products products row et-product-style1 hover-animation-zoom-jump products-featured-products et-no-variations carousel et-product-slider slick slick-arrows-outside slick-controls-gray slick-dots-centered slick-dots-active-small\" data-columns=\"4\" data-slides-to-scroll=\"1\" data-navigation=\"true\" data-pagination=\"\">\t\t\n\n\t\t\t\t\t\t\t\t\n\t\t\t\t\t\t\t\t\t\t\t\t\t\t\t\t\t\n<li class=\"item et-listing-style1 col-6 col-sm-6 col-md-4 col-lg-3 small_grid_5 hover-image-load product type-product post-13855 status-publish first instock product_cat-natural-fur-coats product_tag-mink-fur has-post-thumbnail featured purchasable product-type-simple\">\n\t<div class=\"product-inner animation fade\">\n\t\t<figure class=\"product_thumbnail et-image-hover\">  \n\t\t<a href=\"https:\/\/www.blana.ro\/en\/product\/haina-din-blana-de-vizon-nurca-pastel-cu-guler-rever\/\" title=\"Haina din blana de vizon (nurca) pastel cu guler rever\"><img decoding=\"async\" width=\"1200\" height=\"1797\" src=\"https:\/\/www.blana.ro\/wp-content\/uploads\/2025\/10\/DSC07333PRIMA.jpg\" class=\"main-image skip-lazy wp-post-image\" alt=\"\" srcset=\"https:\/\/www.blana.ro\/wp-content\/uploads\/2025\/10\/DSC07333PRIMA.jpg 1200w, https:\/\/www.blana.ro\/wp-content\/uploads\/2025\/10\/DSC07333PRIMA-200x300.jpg 200w, https:\/\/www.blana.ro\/wp-content\/uploads\/2025\/10\/DSC07333PRIMA-684x1024.jpg 684w, https:\/\/www.blana.ro\/wp-content\/uploads\/2025\/10\/DSC07333PRIMA-300x450.jpg 300w, https:\/\/www.blana.ro\/wp-content\/uploads\/2025\/10\/DSC07333PRIMA-768x1150.jpg 768w, https:\/\/www.blana.ro\/wp-content\/uploads\/2025\/10\/DSC07333PRIMA-1026x1536.jpg 1026w, https:\/\/www.blana.ro\/wp-content\/uploads\/2025\/10\/DSC07333PRIMA-100x150.jpg 100w, https:\/\/www.blana.ro\/wp-content\/uploads\/2025\/10\/DSC07333PRIMA-600x899.jpg 600w, https:\/\/www.blana.ro\/wp-content\/uploads\/2025\/10\/DSC07333PRIMA-900x1348.jpg 900w\" sizes=\"(max-width: 1200px) 100vw, 1200px\" \/><\/a>\n\t\t\t\t<div class=\"actions-wrapper\">\n\t\t\t<div class=\"actions-inner\">\n\t\t\t\t\t\t\t\t\t\t\t\t<a href=https:\/\/www.blana.ro\/en\/product\/haina-din-blana-de-vizon-nurca-pastel-cu-guler-rever\/ title=\"Quick View\" data-product_id=\"13855\" class=\"et-quickview-btn et-tooltip product_type_simple\"><span class=\"text\">Quick View<\/span><span class=\"icon\"><svg xmlns=\"http:\/\/www.w3.org\/2000\/svg\" width=\"24\" height=\"24\" viewBox=\"0 0 24 24\" fill=\"none\" stroke=\"currentColor\" stroke-width=\"2\" stroke-linecap=\"round\" stroke-linejoin=\"round\" class=\"feather feather-maximize-2\"><polyline points=\"15 3 21 3 21 9\"><\/polyline><polyline points=\"9 21 3 21 3 15\"><\/polyline><line x1=\"21\" y1=\"3\" x2=\"14\" y2=\"10\"><\/line><line x1=\"3\" y1=\"21\" x2=\"10\" y2=\"14\"><\/line><\/svg><\/span><\/a>\t\t\t<\/div>\n\t\t<\/div>\n\t<\/figure>\n\t<div class=\"caption\">\n\t\t<div class=\"product-title\">\n\t\t\t<h3><a class=\"product-link\" href=\"https:\/\/www.blana.ro\/en\/product\/haina-din-blana-de-vizon-nurca-pastel-cu-guler-rever\/\" title=\"Haina din blana de vizon (nurca) pastel cu guler rever\">Haina din blana de vizon (nurca) pastel cu guler rever<\/a><\/h3>\n\t\t\t\n<div\n\tclass=\"yith-wcwl-add-to-wishlist add-to-wishlist-13855 yith-wcwl-add-to-wishlist--link-style wishlist-fragment on-first-load\"\n\tdata-fragment-ref=\"13855\"\n\tdata-fragment-options=\"{&quot;base_url&quot;:&quot;&quot;,&quot;product_id&quot;:13855,&quot;parent_product_id&quot;:0,&quot;product_type&quot;:&quot;simple&quot;,&quot;is_single&quot;:false,&quot;in_default_wishlist&quot;:false,&quot;show_view&quot;:false,&quot;browse_wishlist_text&quot;:&quot;Vizualizeaza toate produsele tale preferate&quot;,&quot;already_in_wishslist_text&quot;:&quot;Produs favorit&quot;,&quot;product_added_text&quot;:&quot;Produs adaugat !&quot;,&quot;available_multi_wishlist&quot;:false,&quot;disable_wishlist&quot;:false,&quot;show_count&quot;:false,&quot;ajax_loading&quot;:false,&quot;loop_position&quot;:&quot;shortcode&quot;,&quot;item&quot;:&quot;add_to_wishlist&quot;}\"\n>\n\t\t\t\n\t\t\t<!-- ADD TO WISHLIST -->\n\t\t\t<div class=\"yith-wcwl-add-button et-tooltip\">\n  <a href=\"?add_to_wishlist=13855\" rel=\"nofollow\" data-product-id=\"13855\" data-product-type=\"simple\" data-original-product-id=\"0\" class=\"add_to_wishlist single_add_to_wishlist\" data-title=\"Adauga la favorite\"><span class=\"text\">Adauga la favorite<\/span><span class=\"icon\"><svg xmlns=\"http:\/\/www.w3.org\/2000\/svg\" width=\"24\" height=\"24\" viewBox=\"0 0 24 24\" fill=\"none\" stroke=\"currentColor\" stroke-width=\"2\" stroke-linecap=\"round\" stroke-linejoin=\"round\" class=\"feather feather-heart\"><path d=\"M20.84 4.61a5.5 5.5 0 0 0-7.78 0L12 5.67l-1.06-1.06a5.5 5.5 0 0 0-7.78 7.78l1.06 1.06L12 21.23l7.78-7.78 1.06-1.06a5.5 5.5 0 0 0 0-7.78z\"><\/path><\/svg><\/span>\n  <\/a>\n<\/div>\n\t\t\t<!-- COUNT TEXT -->\n\t\t\t\n\t\t\t<\/div>\n\t\t<\/div>\n\t\t\n\t\t<div class=\"product_after_title\">\n\n\t\t\t<div class=\"product_after_shop_loop_price\">\n\t\t\t\t\n\t<span class=\"price\"><span class=\"woocommerce-Price-amount amount\"><bdi>4.836<span class=\"woocommerce-Price-currencySymbol\">&euro;<\/span><\/bdi><\/span><\/span>\n\t\t\t<\/div>\n\n\t\t\t<div class=\"product-excerpt\">\n\t\t\t\t<p>Lungime 130 cm<\/p>\n\t\t\t<\/div>\n\n\t\t\t<div class=\"after_shop_loop_actions\">\n\n\t\t\t\t<a href=\"https:\/\/www.blana.ro\/en\/product\/haina-din-blana-de-vizon-nurca-pastel-cu-guler-rever\/\" data-quantity=\"1\" class=\"button\" >Select options<\/a><span class=\"gtm4wp_productdata\" style=\"display:none; visibility:hidden;\" data-gtm4wp_product_data=\"{&quot;internal_id&quot;:13855,&quot;item_id&quot;:13855,&quot;item_name&quot;:&quot;Haina din blana de vizon (nurca) pastel cu guler rever&quot;,&quot;sku&quot;:&quot;21929&quot;,&quot;price&quot;:4836,&quot;stocklevel&quot;:null,&quot;stockstatus&quot;:&quot;instock&quot;,&quot;google_business_vertical&quot;:&quot;retail&quot;,&quot;item_category&quot;:&quot;Women\\u2019s natural fur coats&quot;,&quot;id&quot;:13855,&quot;productlink&quot;:&quot;https:\\\/\\\/www.blana.ro\\\/en\\\/product\\\/haina-din-blana-de-vizon-nurca-pastel-cu-guler-rever\\\/&quot;,&quot;item_list_name&quot;:&quot;General Product List&quot;,&quot;index&quot;:1,&quot;product_type&quot;:&quot;simple&quot;,&quot;item_brand&quot;:&quot;&quot;}\"><\/span>\t\t\t<\/div>\n\n\t\t<\/div>\n\n\t\t\n\t<\/div>\n\n\t<\/div>\n\n<\/li>\t\t\t\t\t\t\t\t\t\t\t\t\t\t\t\t\t\n<li class=\"item et-listing-style1 col-6 col-sm-6 col-md-4 col-lg-3 small_grid_5 hover-image-load product type-product post-13875 status-publish instock product_cat-natural-fur-coats product_tag-mink-fur has-post-thumbnail featured purchasable product-type-simple\">\n\t<div class=\"product-inner animation fade\">\n\t\t<figure class=\"product_thumbnail et-image-hover\">  \n\t\t<a href=\"https:\/\/www.blana.ro\/en\/product\/brown-mink-jacket-6343\/\" title=\"Brown Mink Jacket 6343\"><img decoding=\"async\" width=\"1200\" height=\"1797\" src=\"https:\/\/www.blana.ro\/wp-content\/uploads\/2025\/10\/DSC08343prima.jpg\" class=\"main-image skip-lazy wp-post-image\" alt=\"Women\u2019s Fur Coat, elegant winter outfit with natural fur vests and accessories, Casa de Bl\u0103nuri MG brand, a casual yet sophisticated model.\" srcset=\"https:\/\/www.blana.ro\/wp-content\/uploads\/2025\/10\/DSC08343prima.jpg 1200w, https:\/\/www.blana.ro\/wp-content\/uploads\/2025\/10\/DSC08343prima-200x300.jpg 200w, https:\/\/www.blana.ro\/wp-content\/uploads\/2025\/10\/DSC08343prima-684x1024.jpg 684w, https:\/\/www.blana.ro\/wp-content\/uploads\/2025\/10\/DSC08343prima-300x450.jpg 300w, https:\/\/www.blana.ro\/wp-content\/uploads\/2025\/10\/DSC08343prima-768x1150.jpg 768w, https:\/\/www.blana.ro\/wp-content\/uploads\/2025\/10\/DSC08343prima-1026x1536.jpg 1026w, https:\/\/www.blana.ro\/wp-content\/uploads\/2025\/10\/DSC08343prima-100x150.jpg 100w, https:\/\/www.blana.ro\/wp-content\/uploads\/2025\/10\/DSC08343prima-600x899.jpg 600w, https:\/\/www.blana.ro\/wp-content\/uploads\/2025\/10\/DSC08343prima-900x1348.jpg 900w\" sizes=\"(max-width: 1200px) 100vw, 1200px\" \/><img decoding=\"async\" width=\"1200\" height=\"1797\" src=\"https:\/\/www.blana.ro\/wp-content\/uploads\/2025\/10\/DSC08348.jpg\" class=\"product_thumbnail_hover\" alt=\"Luxury natural fur for women: coats, vests, and elegant accessories from Casa de Bl\u0103nuri MG, crafted from premium-quality fur, comfortable and modern for the cold season\" srcset=\"https:\/\/www.blana.ro\/wp-content\/uploads\/2025\/10\/DSC08348.jpg 1200w, https:\/\/www.blana.ro\/wp-content\/uploads\/2025\/10\/DSC08348-200x300.jpg 200w, https:\/\/www.blana.ro\/wp-content\/uploads\/2025\/10\/DSC08348-684x1024.jpg 684w, https:\/\/www.blana.ro\/wp-content\/uploads\/2025\/10\/DSC08348-300x450.jpg 300w, https:\/\/www.blana.ro\/wp-content\/uploads\/2025\/10\/DSC08348-768x1150.jpg 768w, https:\/\/www.blana.ro\/wp-content\/uploads\/2025\/10\/DSC08348-1026x1536.jpg 1026w, https:\/\/www.blana.ro\/wp-content\/uploads\/2025\/10\/DSC08348-100x150.jpg 100w, https:\/\/www.blana.ro\/wp-content\/uploads\/2025\/10\/DSC08348-600x899.jpg 600w, https:\/\/www.blana.ro\/wp-content\/uploads\/2025\/10\/DSC08348-900x1348.jpg 900w\" sizes=\"(max-width: 1200px) 100vw, 1200px\" \/><\/a>\n\t\t\t\t<div class=\"actions-wrapper\">\n\t\t\t<div class=\"actions-inner\">\n\t\t\t\t\t\t\t\t\t\t\t\t<a href=https:\/\/www.blana.ro\/en\/product\/brown-mink-jacket-6343\/ title=\"Quick View\" data-product_id=\"13875\" class=\"et-quickview-btn et-tooltip product_type_simple\"><span class=\"text\">Quick View<\/span><span class=\"icon\"><svg xmlns=\"http:\/\/www.w3.org\/2000\/svg\" width=\"24\" height=\"24\" viewBox=\"0 0 24 24\" fill=\"none\" stroke=\"currentColor\" stroke-width=\"2\" stroke-linecap=\"round\" stroke-linejoin=\"round\" class=\"feather feather-maximize-2\"><polyline points=\"15 3 21 3 21 9\"><\/polyline><polyline points=\"9 21 3 21 3 15\"><\/polyline><line x1=\"21\" y1=\"3\" x2=\"14\" y2=\"10\"><\/line><line x1=\"3\" y1=\"21\" x2=\"10\" y2=\"14\"><\/line><\/svg><\/span><\/a>\t\t\t<\/div>\n\t\t<\/div>\n\t<\/figure>\n\t<div class=\"caption\">\n\t\t<div class=\"product-title\">\n\t\t\t<h3><a class=\"product-link\" href=\"https:\/\/www.blana.ro\/en\/product\/brown-mink-jacket-6343\/\" title=\"Brown Mink Jacket 6343\">Brown Mink Jacket 6343<\/a><\/h3>\n\t\t\t\n<div\n\tclass=\"yith-wcwl-add-to-wishlist add-to-wishlist-13875 yith-wcwl-add-to-wishlist--link-style wishlist-fragment on-first-load\"\n\tdata-fragment-ref=\"13875\"\n\tdata-fragment-options=\"{&quot;base_url&quot;:&quot;&quot;,&quot;product_id&quot;:13875,&quot;parent_product_id&quot;:0,&quot;product_type&quot;:&quot;simple&quot;,&quot;is_single&quot;:false,&quot;in_default_wishlist&quot;:false,&quot;show_view&quot;:false,&quot;browse_wishlist_text&quot;:&quot;Vizualizeaza toate produsele tale preferate&quot;,&quot;already_in_wishslist_text&quot;:&quot;Produs favorit&quot;,&quot;product_added_text&quot;:&quot;Produs adaugat !&quot;,&quot;available_multi_wishlist&quot;:false,&quot;disable_wishlist&quot;:false,&quot;show_count&quot;:false,&quot;ajax_loading&quot;:false,&quot;loop_position&quot;:&quot;shortcode&quot;,&quot;item&quot;:&quot;add_to_wishlist&quot;}\"\n>\n\t\t\t\n\t\t\t<!-- ADD TO WISHLIST -->\n\t\t\t<div class=\"yith-wcwl-add-button et-tooltip\">\n  <a href=\"?add_to_wishlist=13875\" rel=\"nofollow\" data-product-id=\"13875\" data-product-type=\"simple\" data-original-product-id=\"0\" class=\"add_to_wishlist single_add_to_wishlist\" data-title=\"Adauga la favorite\"><span class=\"text\">Adauga la favorite<\/span><span class=\"icon\"><svg xmlns=\"http:\/\/www.w3.org\/2000\/svg\" width=\"24\" height=\"24\" viewBox=\"0 0 24 24\" fill=\"none\" stroke=\"currentColor\" stroke-width=\"2\" stroke-linecap=\"round\" stroke-linejoin=\"round\" class=\"feather feather-heart\"><path d=\"M20.84 4.61a5.5 5.5 0 0 0-7.78 0L12 5.67l-1.06-1.06a5.5 5.5 0 0 0-7.78 7.78l1.06 1.06L12 21.23l7.78-7.78 1.06-1.06a5.5 5.5 0 0 0 0-7.78z\"><\/path><\/svg><\/span>\n  <\/a>\n<\/div>\n\t\t\t<!-- COUNT TEXT -->\n\t\t\t\n\t\t\t<\/div>\n\t\t<\/div>\n\t\t\n\t\t<div class=\"product_after_title\">\n\n\t\t\t<div class=\"product_after_shop_loop_price\">\n\t\t\t\t\n\t<span class=\"price\"><span class=\"woocommerce-Price-amount amount\"><bdi>853<span class=\"woocommerce-Price-currencySymbol\">&euro;<\/span><\/bdi><\/span><\/span>\n\t\t\t<\/div>\n\n\t\t\t<div class=\"product-excerpt\">\n\t\t\t\t<p>Length: 55 cm<\/p>\n\t\t\t<\/div>\n\n\t\t\t<div class=\"after_shop_loop_actions\">\n\n\t\t\t\t<a href=\"https:\/\/www.blana.ro\/en\/product\/brown-mink-jacket-6343\/\" data-quantity=\"1\" class=\"button\" >Select options<\/a><span class=\"gtm4wp_productdata\" style=\"display:none; visibility:hidden;\" data-gtm4wp_product_data=\"{&quot;internal_id&quot;:13875,&quot;item_id&quot;:13875,&quot;item_name&quot;:&quot;Brown Mink Jacket 6343&quot;,&quot;sku&quot;:&quot;FC&quot;,&quot;price&quot;:853,&quot;stocklevel&quot;:null,&quot;stockstatus&quot;:&quot;instock&quot;,&quot;google_business_vertical&quot;:&quot;retail&quot;,&quot;item_category&quot;:&quot;Women\\u2019s natural fur coats&quot;,&quot;id&quot;:13875,&quot;productlink&quot;:&quot;https:\\\/\\\/www.blana.ro\\\/en\\\/product\\\/brown-mink-jacket-6343\\\/&quot;,&quot;item_list_name&quot;:&quot;General Product List&quot;,&quot;index&quot;:2,&quot;product_type&quot;:&quot;simple&quot;,&quot;item_brand&quot;:&quot;&quot;}\"><\/span>\t\t\t<\/div>\n\n\t\t<\/div>\n\n\t\t\n\t<\/div>\n\n\t<\/div>\n\n<\/li>\t\t\t\t\t\t\t\t\t\t\t\t\t\t\t\t\t\n<li class=\"item et-listing-style1 col-6 col-sm-6 col-md-4 col-lg-3 small_grid_5 hover-image-load product type-product post-13876 status-publish instock product_cat-natural-fur-coats product_tag-fox has-post-thumbnail featured purchasable product-type-simple\">\n\t<div class=\"product-inner animation fade\">\n\t\t<figure class=\"product_thumbnail et-image-hover\">  \n\t\t<a href=\"https:\/\/www.blana.ro\/en\/product\/gold-dalia-fox-coat\/\" title=\"Gold Dalia Fox Coat\"><img decoding=\"async\" width=\"1200\" height=\"1797\" src=\"https:\/\/www.blana.ro\/wp-content\/uploads\/2025\/10\/DSC05462.jpg\" class=\"main-image skip-lazy wp-post-image\" alt=\"\" srcset=\"https:\/\/www.blana.ro\/wp-content\/uploads\/2025\/10\/DSC05462.jpg 1200w, https:\/\/www.blana.ro\/wp-content\/uploads\/2025\/10\/DSC05462-200x300.jpg 200w, https:\/\/www.blana.ro\/wp-content\/uploads\/2025\/10\/DSC05462-684x1024.jpg 684w, https:\/\/www.blana.ro\/wp-content\/uploads\/2025\/10\/DSC05462-300x450.jpg 300w, https:\/\/www.blana.ro\/wp-content\/uploads\/2025\/10\/DSC05462-768x1150.jpg 768w, https:\/\/www.blana.ro\/wp-content\/uploads\/2025\/10\/DSC05462-1026x1536.jpg 1026w, https:\/\/www.blana.ro\/wp-content\/uploads\/2025\/10\/DSC05462-100x150.jpg 100w, https:\/\/www.blana.ro\/wp-content\/uploads\/2025\/10\/DSC05462-600x899.jpg 600w, https:\/\/www.blana.ro\/wp-content\/uploads\/2025\/10\/DSC05462-900x1348.jpg 900w\" sizes=\"(max-width: 1200px) 100vw, 1200px\" \/><\/a>\n\t\t\t\t<div class=\"actions-wrapper\">\n\t\t\t<div class=\"actions-inner\">\n\t\t\t\t\t\t\t\t\t\t\t\t<a href=https:\/\/www.blana.ro\/en\/product\/gold-dalia-fox-coat\/ title=\"Quick View\" data-product_id=\"13876\" class=\"et-quickview-btn et-tooltip product_type_simple\"><span class=\"text\">Quick View<\/span><span class=\"icon\"><svg xmlns=\"http:\/\/www.w3.org\/2000\/svg\" width=\"24\" height=\"24\" viewBox=\"0 0 24 24\" fill=\"none\" stroke=\"currentColor\" stroke-width=\"2\" stroke-linecap=\"round\" stroke-linejoin=\"round\" class=\"feather feather-maximize-2\"><polyline points=\"15 3 21 3 21 9\"><\/polyline><polyline points=\"9 21 3 21 3 15\"><\/polyline><line x1=\"21\" y1=\"3\" x2=\"14\" y2=\"10\"><\/line><line x1=\"3\" y1=\"21\" x2=\"10\" y2=\"14\"><\/line><\/svg><\/span><\/a>\t\t\t<\/div>\n\t\t<\/div>\n\t<\/figure>\n\t<div class=\"caption\">\n\t\t<div class=\"product-title\">\n\t\t\t<h3><a class=\"product-link\" href=\"https:\/\/www.blana.ro\/en\/product\/gold-dalia-fox-coat\/\" title=\"Gold Dalia Fox Coat\">Gold Dalia Fox Coat<\/a><\/h3>\n\t\t\t\n<div\n\tclass=\"yith-wcwl-add-to-wishlist add-to-wishlist-13876 yith-wcwl-add-to-wishlist--link-style wishlist-fragment on-first-load\"\n\tdata-fragment-ref=\"13876\"\n\tdata-fragment-options=\"{&quot;base_url&quot;:&quot;&quot;,&quot;product_id&quot;:13876,&quot;parent_product_id&quot;:0,&quot;product_type&quot;:&quot;simple&quot;,&quot;is_single&quot;:false,&quot;in_default_wishlist&quot;:false,&quot;show_view&quot;:false,&quot;browse_wishlist_text&quot;:&quot;Vizualizeaza toate produsele tale preferate&quot;,&quot;already_in_wishslist_text&quot;:&quot;Produs favorit&quot;,&quot;product_added_text&quot;:&quot;Produs adaugat !&quot;,&quot;available_multi_wishlist&quot;:false,&quot;disable_wishlist&quot;:false,&quot;show_count&quot;:false,&quot;ajax_loading&quot;:false,&quot;loop_position&quot;:&quot;shortcode&quot;,&quot;item&quot;:&quot;add_to_wishlist&quot;}\"\n>\n\t\t\t\n\t\t\t<!-- ADD TO WISHLIST -->\n\t\t\t<div class=\"yith-wcwl-add-button et-tooltip\">\n  <a href=\"?add_to_wishlist=13876\" rel=\"nofollow\" data-product-id=\"13876\" data-product-type=\"simple\" data-original-product-id=\"0\" class=\"add_to_wishlist single_add_to_wishlist\" data-title=\"Adauga la favorite\"><span class=\"text\">Adauga la favorite<\/span><span class=\"icon\"><svg xmlns=\"http:\/\/www.w3.org\/2000\/svg\" width=\"24\" height=\"24\" viewBox=\"0 0 24 24\" fill=\"none\" stroke=\"currentColor\" stroke-width=\"2\" stroke-linecap=\"round\" stroke-linejoin=\"round\" class=\"feather feather-heart\"><path d=\"M20.84 4.61a5.5 5.5 0 0 0-7.78 0L12 5.67l-1.06-1.06a5.5 5.5 0 0 0-7.78 7.78l1.06 1.06L12 21.23l7.78-7.78 1.06-1.06a5.5 5.5 0 0 0 0-7.78z\"><\/path><\/svg><\/span>\n  <\/a>\n<\/div>\n\t\t\t<!-- COUNT TEXT -->\n\t\t\t\n\t\t\t<\/div>\n\t\t<\/div>\n\t\t\n\t\t<div class=\"product_after_title\">\n\n\t\t\t<div class=\"product_after_shop_loop_price\">\n\t\t\t\t\n\t<span class=\"price\"><span class=\"woocommerce-Price-amount amount\"><bdi>3.601<span class=\"woocommerce-Price-currencySymbol\">&euro;<\/span><\/bdi><\/span><\/span>\n\t\t\t<\/div>\n\n\t\t\t<div class=\"product-excerpt\">\n\t\t\t\t<p>Length: 125 cm<\/p>\n\t\t\t<\/div>\n\n\t\t\t<div class=\"after_shop_loop_actions\">\n\n\t\t\t\t<a href=\"https:\/\/www.blana.ro\/en\/product\/gold-dalia-fox-coat\/\" data-quantity=\"1\" class=\"button\" >Select options<\/a><span class=\"gtm4wp_productdata\" style=\"display:none; visibility:hidden;\" data-gtm4wp_product_data=\"{&quot;internal_id&quot;:13876,&quot;item_id&quot;:13876,&quot;item_name&quot;:&quot;Gold Dalia Fox Coat&quot;,&quot;sku&quot;:&quot;PA33&quot;,&quot;price&quot;:3601,&quot;stocklevel&quot;:null,&quot;stockstatus&quot;:&quot;instock&quot;,&quot;google_business_vertical&quot;:&quot;retail&quot;,&quot;item_category&quot;:&quot;Women\\u2019s natural fur coats&quot;,&quot;id&quot;:13876,&quot;productlink&quot;:&quot;https:\\\/\\\/www.blana.ro\\\/en\\\/product\\\/gold-dalia-fox-coat\\\/&quot;,&quot;item_list_name&quot;:&quot;General Product List&quot;,&quot;index&quot;:3,&quot;product_type&quot;:&quot;simple&quot;,&quot;item_brand&quot;:&quot;&quot;}\"><\/span>\t\t\t<\/div>\n\n\t\t<\/div>\n\n\t\t\n\t<\/div>\n\n\t<\/div>\n\n<\/li>\t\t\t\t\t\t\t\t\t\t\t\t\t\t\t\t\t\n<li class=\"item et-listing-style1 col-6 col-sm-6 col-md-4 col-lg-3 small_grid_5 hover-image-load product type-product post-10208 status-publish last instock product_cat-natural-fur-coats product_tag-mink-fur has-post-thumbnail featured purchasable product-type-simple\">\n\t<div class=\"product-inner animation fade\">\n\t\t<figure class=\"product_thumbnail et-image-hover\">  \n\t\t<a href=\"https:\/\/www.blana.ro\/en\/product\/black-fox-jacket-model-6343\/\" title=\"Black fox jacket, model 6343\"><img decoding=\"async\" width=\"1199\" height=\"1800\" src=\"https:\/\/www.blana.ro\/wp-content\/uploads\/2022\/10\/ZIA_7962PRIMA.jpg\" class=\"main-image skip-lazy wp-post-image\" alt=\"\" srcset=\"https:\/\/www.blana.ro\/wp-content\/uploads\/2022\/10\/ZIA_7962PRIMA.jpg 1199w, https:\/\/www.blana.ro\/wp-content\/uploads\/2022\/10\/ZIA_7962PRIMA-200x300.jpg 200w, https:\/\/www.blana.ro\/wp-content\/uploads\/2022\/10\/ZIA_7962PRIMA-682x1024.jpg 682w, https:\/\/www.blana.ro\/wp-content\/uploads\/2022\/10\/ZIA_7962PRIMA-300x450.jpg 300w, https:\/\/www.blana.ro\/wp-content\/uploads\/2022\/10\/ZIA_7962PRIMA-768x1153.jpg 768w, https:\/\/www.blana.ro\/wp-content\/uploads\/2022\/10\/ZIA_7962PRIMA-1023x1536.jpg 1023w, https:\/\/www.blana.ro\/wp-content\/uploads\/2022\/10\/ZIA_7962PRIMA-100x150.jpg 100w, https:\/\/www.blana.ro\/wp-content\/uploads\/2022\/10\/ZIA_7962PRIMA-600x901.jpg 600w, https:\/\/www.blana.ro\/wp-content\/uploads\/2022\/10\/ZIA_7962PRIMA-900x1351.jpg 900w\" sizes=\"(max-width: 1199px) 100vw, 1199px\" \/><img decoding=\"async\" width=\"1199\" height=\"1800\" src=\"https:\/\/www.blana.ro\/wp-content\/uploads\/2022\/10\/ZIA_7952BS76.jpg\" class=\"product_thumbnail_hover\" alt=\"\" srcset=\"https:\/\/www.blana.ro\/wp-content\/uploads\/2022\/10\/ZIA_7952BS76.jpg 1199w, https:\/\/www.blana.ro\/wp-content\/uploads\/2022\/10\/ZIA_7952BS76-200x300.jpg 200w, https:\/\/www.blana.ro\/wp-content\/uploads\/2022\/10\/ZIA_7952BS76-682x1024.jpg 682w, https:\/\/www.blana.ro\/wp-content\/uploads\/2022\/10\/ZIA_7952BS76-300x450.jpg 300w, https:\/\/www.blana.ro\/wp-content\/uploads\/2022\/10\/ZIA_7952BS76-768x1153.jpg 768w, https:\/\/www.blana.ro\/wp-content\/uploads\/2022\/10\/ZIA_7952BS76-1023x1536.jpg 1023w, https:\/\/www.blana.ro\/wp-content\/uploads\/2022\/10\/ZIA_7952BS76-100x150.jpg 100w, https:\/\/www.blana.ro\/wp-content\/uploads\/2022\/10\/ZIA_7952BS76-600x901.jpg 600w, https:\/\/www.blana.ro\/wp-content\/uploads\/2022\/10\/ZIA_7952BS76-900x1351.jpg 900w\" sizes=\"(max-width: 1199px) 100vw, 1199px\" \/><\/a>\n\t\t\t\t<div class=\"actions-wrapper\">\n\t\t\t<div class=\"actions-inner\">\n\t\t\t\t\t\t\t\t\t\t\t\t<a href=https:\/\/www.blana.ro\/en\/product\/black-fox-jacket-model-6343\/ title=\"Quick View\" data-product_id=\"10208\" class=\"et-quickview-btn et-tooltip product_type_simple\"><span class=\"text\">Quick View<\/span><span class=\"icon\"><svg xmlns=\"http:\/\/www.w3.org\/2000\/svg\" width=\"24\" height=\"24\" viewBox=\"0 0 24 24\" fill=\"none\" stroke=\"currentColor\" stroke-width=\"2\" stroke-linecap=\"round\" stroke-linejoin=\"round\" class=\"feather feather-maximize-2\"><polyline points=\"15 3 21 3 21 9\"><\/polyline><polyline points=\"9 21 3 21 3 15\"><\/polyline><line x1=\"21\" y1=\"3\" x2=\"14\" y2=\"10\"><\/line><line x1=\"3\" y1=\"21\" x2=\"10\" y2=\"14\"><\/line><\/svg><\/span><\/a>\t\t\t<\/div>\n\t\t<\/div>\n\t<\/figure>\n\t<div class=\"caption\">\n\t\t<div class=\"product-title\">\n\t\t\t<h3><a class=\"product-link\" href=\"https:\/\/www.blana.ro\/en\/product\/black-fox-jacket-model-6343\/\" title=\"Black fox jacket, model 6343\">Black fox jacket, model 6343<\/a><\/h3>\n\t\t\t\n<div\n\tclass=\"yith-wcwl-add-to-wishlist add-to-wishlist-10208 yith-wcwl-add-to-wishlist--link-style wishlist-fragment on-first-load\"\n\tdata-fragment-ref=\"10208\"\n\tdata-fragment-options=\"{&quot;base_url&quot;:&quot;&quot;,&quot;product_id&quot;:10208,&quot;parent_product_id&quot;:0,&quot;product_type&quot;:&quot;simple&quot;,&quot;is_single&quot;:false,&quot;in_default_wishlist&quot;:false,&quot;show_view&quot;:false,&quot;browse_wishlist_text&quot;:&quot;Vizualizeaza toate produsele tale preferate&quot;,&quot;already_in_wishslist_text&quot;:&quot;Produs favorit&quot;,&quot;product_added_text&quot;:&quot;Produs adaugat !&quot;,&quot;available_multi_wishlist&quot;:false,&quot;disable_wishlist&quot;:false,&quot;show_count&quot;:false,&quot;ajax_loading&quot;:false,&quot;loop_position&quot;:&quot;shortcode&quot;,&quot;item&quot;:&quot;add_to_wishlist&quot;}\"\n>\n\t\t\t\n\t\t\t<!-- ADD TO WISHLIST -->\n\t\t\t<div class=\"yith-wcwl-add-button et-tooltip\">\n  <a href=\"?add_to_wishlist=10208\" rel=\"nofollow\" data-product-id=\"10208\" data-product-type=\"simple\" data-original-product-id=\"0\" class=\"add_to_wishlist single_add_to_wishlist\" data-title=\"Adauga la favorite\"><span class=\"text\">Adauga la favorite<\/span><span class=\"icon\"><svg xmlns=\"http:\/\/www.w3.org\/2000\/svg\" width=\"24\" height=\"24\" viewBox=\"0 0 24 24\" fill=\"none\" stroke=\"currentColor\" stroke-width=\"2\" stroke-linecap=\"round\" stroke-linejoin=\"round\" class=\"feather feather-heart\"><path d=\"M20.84 4.61a5.5 5.5 0 0 0-7.78 0L12 5.67l-1.06-1.06a5.5 5.5 0 0 0-7.78 7.78l1.06 1.06L12 21.23l7.78-7.78 1.06-1.06a5.5 5.5 0 0 0 0-7.78z\"><\/path><\/svg><\/span>\n  <\/a>\n<\/div>\n\t\t\t<!-- COUNT TEXT -->\n\t\t\t\n\t\t\t<\/div>\n\t\t<\/div>\n\t\t\n\t\t<div class=\"product_after_title\">\n\n\t\t\t<div class=\"product_after_shop_loop_price\">\n\t\t\t\t\n\t<span class=\"price\"><span class=\"woocommerce-Price-amount amount\"><bdi>758<span class=\"woocommerce-Price-currencySymbol\">&euro;<\/span><\/bdi><\/span><\/span>\n\t\t\t<\/div>\n\n\t\t\t<div class=\"product-excerpt\">\n\t\t\t\t<p>Short jacket made from natural black fox fur, model 6343, with a drawstring at the hem.<\/p>\n\t\t\t<\/div>\n\n\t\t\t<div class=\"after_shop_loop_actions\">\n\n\t\t\t\t<a href=\"https:\/\/www.blana.ro\/en\/product\/black-fox-jacket-model-6343\/\" data-quantity=\"1\" class=\"button\" >Select options<\/a><span class=\"gtm4wp_productdata\" style=\"display:none; visibility:hidden;\" data-gtm4wp_product_data=\"{&quot;internal_id&quot;:10208,&quot;item_id&quot;:10208,&quot;item_name&quot;:&quot;Black fox jacket, model 6343&quot;,&quot;sku&quot;:&quot;BS76&quot;,&quot;price&quot;:758,&quot;stocklevel&quot;:null,&quot;stockstatus&quot;:&quot;instock&quot;,&quot;google_business_vertical&quot;:&quot;retail&quot;,&quot;item_category&quot;:&quot;Women\\u2019s natural fur coats&quot;,&quot;id&quot;:10208,&quot;productlink&quot;:&quot;https:\\\/\\\/www.blana.ro\\\/en\\\/product\\\/black-fox-jacket-model-6343\\\/&quot;,&quot;item_list_name&quot;:&quot;General Product List&quot;,&quot;index&quot;:4,&quot;product_type&quot;:&quot;simple&quot;,&quot;item_brand&quot;:&quot;&quot;}\"><\/span>\t\t\t<\/div>\n\n\t\t<\/div>\n\n\t\t\n\t<\/div>\n\n\t<\/div>\n\n<\/li>\t\t\t\t\t\t\t\t\t\t\t\t\t\t\t\n\t\t\t\t<\/ul>\n\t\t\t<\/div>\t\t \n\t[\/vc_column_inner][\/vc_row_inner][\/vc_column][\/vc_row][vc_row et_full_width=&#8221;true&#8221; et_row_padding=&#8221;true&#8221;][vc_column][vc_separator css=&#8221;.vc_custom_1556305572662{margin-bottom: 0px !important;}&#8221;][\/vc_column][\/vc_row][vc_row css=&#8221;.vc_custom_1579142142505{margin-top: 60px !important;margin-bottom: 35px !important;}&#8221;][vc_column animation=&#8221;animation bottom-to-top&#8221;][vc_row_inner el_class=&#8221;align-center&#8221;][vc_column_inner el_class=&#8221;text-center&#8221; offset=&#8221;vc_col-lg-6 vc_col-md-9&#8243;][vc_column_text]\n<h2>Fur Services<\/h2>\n<p>We provide a wide range of fur services both under warranty and post-warranty.[\/vc_column_text][\/vc_column_inner][\/vc_row_inner][vc_row_inner][vc_column_inner][\/vc_column_inner][vc_column_inner width=&#8221;1\/4&#8243;]\r\n\t\t<div class=\"et-banner-69f427bee66ef et-banner content-full  image-type-fluid text-color-dark hover-effect  \"><img decoding=\"async\" width=\"325\" height=\"325\" src=\"https:\/\/www.blana.ro\/wp-content\/uploads\/2021\/02\/la-comanda-haine-de-blana.jpg\" class=\"attachment-full size-full\" alt=\"\" srcset=\"https:\/\/www.blana.ro\/wp-content\/uploads\/2021\/02\/la-comanda-haine-de-blana.jpg 325w, https:\/\/www.blana.ro\/wp-content\/uploads\/2021\/02\/la-comanda-haine-de-blana-300x300.jpg 300w, https:\/\/www.blana.ro\/wp-content\/uploads\/2021\/02\/la-comanda-haine-de-blana-150x150.jpg 150w, https:\/\/www.blana.ro\/wp-content\/uploads\/2021\/02\/la-comanda-haine-de-blana-100x100.jpg 100w\" sizes=\"(max-width: 325px) 100vw, 325px\" \/>\r\n\t\t<\/div>[vc_custom_heading text=&#8221;Custom Made&#8221; font_container=&#8221;tag:h3|text_align:center&#8221; css=&#8221;.vc_custom_1614250412054{margin-top: 20px !important;}&#8221;][vc_column_text]If you\u2019re looking for a fur coat with a unique design or custom measurements, we can create the coat of your dreams on request.[\/vc_column_text]\t\t<div id=\"et-button-69f427bee6a18\" class=\"et_btn_align_center \">\n\t\t\t<a href=\"https:\/\/www.blana.ro\/en\/custom-fur-coats\/\" class=\" et_btn button et_btn_md outlined color-   \"  role=\"button\" title=\"\" ><span>Learn more<\/span><\/a>\n\t\t<\/div>\n\t\t\n\t[\/vc_column_inner][vc_column_inner width=&#8221;1\/4&#8243;]\r\n\t\t<div class=\"et-banner-69f427bee6aaa et-banner content-full  image-type-fluid text-color-dark hover-effect  \"><img decoding=\"async\" width=\"325\" height=\"325\" src=\"https:\/\/www.blana.ro\/wp-content\/uploads\/2021\/02\/curatare-haine-de-blana.jpg\" class=\"attachment-full size-full\" alt=\"\" srcset=\"https:\/\/www.blana.ro\/wp-content\/uploads\/2021\/02\/curatare-haine-de-blana.jpg 325w, https:\/\/www.blana.ro\/wp-content\/uploads\/2021\/02\/curatare-haine-de-blana-300x300.jpg 300w, https:\/\/www.blana.ro\/wp-content\/uploads\/2021\/02\/curatare-haine-de-blana-150x150.jpg 150w, https:\/\/www.blana.ro\/wp-content\/uploads\/2021\/02\/curatare-haine-de-blana-100x100.jpg 100w\" sizes=\"(max-width: 325px) 100vw, 325px\" \/>\r\n\t\t<\/div>[vc_custom_heading text=&#8221;Cleaning&#8221; font_container=&#8221;tag:h3|text_align:center&#8221; css=&#8221;.vc_custom_1614250453969{margin-top: 20px !important;}&#8221;][vc_column_text]We offer professional cleaning services, including simple cleaning (special chemical or mechanical, depending on the product) and complex cleaning (Fur SPA).[\/vc_column_text]\t\t<div id=\"et-button-69f427bee6d8e\" class=\"et_btn_align_center \">\n\t\t\t<a href=\"https:\/\/www.blana.ro\/en\/fur-cleaning-fur-spa\/\" class=\" et_btn button et_btn_md outlined color-   \"  role=\"button\" title=\"\" ><span>Learn more<\/span><\/a>\n\t\t<\/div>\n\t\t\n\t[\/vc_column_inner][vc_column_inner width=&#8221;1\/4&#8243;]\r\n\t\t<div class=\"et-banner-69f427bee6e00 et-banner content-full  image-type-fluid text-color-dark hover-effect  \"><img decoding=\"async\" width=\"325\" height=\"325\" src=\"https:\/\/www.blana.ro\/wp-content\/uploads\/2021\/02\/reparatie-haine-de-blana.jpg\" class=\"attachment-full size-full\" alt=\"\" srcset=\"https:\/\/www.blana.ro\/wp-content\/uploads\/2021\/02\/reparatie-haine-de-blana.jpg 325w, https:\/\/www.blana.ro\/wp-content\/uploads\/2021\/02\/reparatie-haine-de-blana-300x300.jpg 300w, https:\/\/www.blana.ro\/wp-content\/uploads\/2021\/02\/reparatie-haine-de-blana-150x150.jpg 150w, https:\/\/www.blana.ro\/wp-content\/uploads\/2021\/02\/reparatie-haine-de-blana-100x100.jpg 100w\" sizes=\"(max-width: 325px) 100vw, 325px\" \/>\r\n\t\t<\/div>[vc_custom_heading text=&#8221;Repair&#8221; font_container=&#8221;tag:h3|text_align:center&#8221; css=&#8221;.vc_custom_1614250459126{margin-top: 20px !important;}&#8221;][vc_column_text]We repair and restore natural fur items, replace linings, remove worn or damaged parts, and fix almost any defect.[\/vc_column_text]\t\t<div id=\"et-button-69f427bee70d4\" class=\"et_btn_align_center \">\n\t\t\t<a href=\"https:\/\/www.blana.ro\/en\/fur-coat-repair\/\" class=\" et_btn button et_btn_md outlined color-   \"  role=\"button\" title=\"\" ><span>Learn more<\/span><\/a>\n\t\t<\/div>\n\t\t\n\t[\/vc_column_inner][vc_column_inner width=&#8221;1\/4&#8243;]\r\n\t\t<div class=\"et-banner-69f427bee7142 et-banner content-full  image-type-fluid text-color-dark hover-effect  \"><img decoding=\"async\" width=\"325\" height=\"325\" src=\"https:\/\/www.blana.ro\/wp-content\/uploads\/2021\/02\/restilizare-haine-de-blana.jpg\" class=\"attachment-full size-full\" alt=\"\" srcset=\"https:\/\/www.blana.ro\/wp-content\/uploads\/2021\/02\/restilizare-haine-de-blana.jpg 325w, https:\/\/www.blana.ro\/wp-content\/uploads\/2021\/02\/restilizare-haine-de-blana-300x300.jpg 300w, https:\/\/www.blana.ro\/wp-content\/uploads\/2021\/02\/restilizare-haine-de-blana-150x150.jpg 150w, https:\/\/www.blana.ro\/wp-content\/uploads\/2021\/02\/restilizare-haine-de-blana-100x100.jpg 100w\" sizes=\"(max-width: 325px) 100vw, 325px\" \/>\r\n\t\t<\/div>[vc_custom_heading text=&#8221;Restyling&#8221; font_container=&#8221;tag:h3|text_align:center&#8221; css=&#8221;.vc_custom_1614250464845{margin-top: 20px !important;}&#8221;][vc_column_text]If you have an old, outdated coat that you no longer like, or if its size no longer fits, bring it to us, and we\u2019ll give it a new life through cleaning and restyling.[\/vc_column_text]\t\t<div id=\"et-button-69f427bee7431\" class=\"et_btn_align_center \">\n\t\t\t<a href=\"https:\/\/www.blana.ro\/en\/fur-coat-restyling\/\" class=\" et_btn button et_btn_md outlined color-   \"  role=\"button\" title=\"\" ><span>Learn more<\/span><\/a>\n\t\t<\/div>\n\t\t\n\t[\/vc_column_inner][\/vc_row_inner][\/vc_column][\/vc_row][vc_row et_full_width=&#8221;true&#8221; et_row_padding=&#8221;true&#8221;][vc_column][vc_separator css=&#8221;.vc_custom_1556305572662{margin-bottom: 0px !important;}&#8221;][\/vc_column][\/vc_row][vc_row css=&#8221;.vc_custom_1579111652347{margin-top: 60px !important;margin-bottom: 60px !important;}&#8221;][vc_column][vc_row_inner et_column_align=&#8221;align-center&#8221; el_class=&#8221;align-center&#8221;][vc_column_inner el_class=&#8221;text-center&#8221; offset=&#8221;vc_col-lg-6 vc_col-md-9&#8243;][vc_column_text]\n<h2 style=\"text-align: center;\">Visit us<\/h2>\n<p style=\"text-align: center;\">Only a small part of our collection is available on our website. In our store, you can see our entire selection and receive professional advice from our consultants, the only experts in Romania accredited by the International Fur Federation. Most fur garments can be adjusted in our workshop or ordered in other variations according to your preferences.<\/p>\n[\/vc_column_text][\/vc_column_inner][\/vc_row_inner]\t<div id=\"et-image-734\" class=\"et-image aligncenter    et_image_link\">\n\t\t<div class=\"et-image-inner animation scale\">\n\t\t\t\t\t\t\t<div class=\"et-image-thumb \">\n\t\t\t\t\t<img decoding=\"async\" width=\"1600\" height=\"850\" src=\"https:\/\/www.blana.ro\/wp-content\/uploads\/2021\/02\/casa-de-blanur-mg-hp-inside.jpg\" class=\"attachment-full size-full\" alt=\"\" srcset=\"https:\/\/www.blana.ro\/wp-content\/uploads\/2021\/02\/casa-de-blanur-mg-hp-inside.jpg 1600w, https:\/\/www.blana.ro\/wp-content\/uploads\/2021\/02\/casa-de-blanur-mg-hp-inside-300x159.jpg 300w, https:\/\/www.blana.ro\/wp-content\/uploads\/2021\/02\/casa-de-blanur-mg-hp-inside-1024x544.jpg 1024w, https:\/\/www.blana.ro\/wp-content\/uploads\/2021\/02\/casa-de-blanur-mg-hp-inside-768x408.jpg 768w, https:\/\/www.blana.ro\/wp-content\/uploads\/2021\/02\/casa-de-blanur-mg-hp-inside-1536x816.jpg 1536w, https:\/\/www.blana.ro\/wp-content\/uploads\/2021\/02\/casa-de-blanur-mg-hp-inside-150x80.jpg 150w, https:\/\/www.blana.ro\/wp-content\/uploads\/2021\/02\/casa-de-blanur-mg-hp-inside-600x319.jpg 600w, https:\/\/www.blana.ro\/wp-content\/uploads\/2021\/02\/casa-de-blanur-mg-hp-inside-900x478.jpg 900w\" sizes=\"(max-width: 1600px) 100vw, 1600px\" \/>\t\t\t\t<\/div>\n\t\t\t\t\t\t\t\t\t\t\t\t\t<div class=\"et-image-content\">\n\t\t\t\t\t\t\t\t\t<\/div>\n\t\t\t\t\t<\/div>\n\t<\/div>\n  [\/vc_column][\/vc_row]\n","protected":false},"excerpt":{"rendered":"<p>[vc_row et_full_width=&#8221;true&#8221; et_row_padding=&#8221;true&#8221; et_column_align=&#8221;align-center&#8221; el_id=&#8221;main-slider-row&#8221;][vc_column][\/vc_column][\/vc_row][vc_row css=&#8221;.vc_custom_1579142078604{margin-top: 35px !important;margin-bottom: 35px !important;}&#8221;][vc_column][vc_row_inner equal_height=&#8221;yes&#8221; content_placement=&#8221;middle&#8221;][vc_column_inner animation=&#8221;animation bottom-to-top&#8221; offset=&#8221;vc_col-md-4&#8243; css=&#8221;.vc_custom_1579111806249{margin-top: 15px !important;margin-bottom: 15px !important;}&#8221;][\/vc_column_inner][vc_column_inner animation=&#8221;animation bottom-to-top&#8221; offset=&#8221;vc_col-md-4&#8243; css=&#8221;.vc_custom_1614243765923{margin-top: 15px !important;margin-bottom: 15px !important;}&#8221;][\/vc_column_inner][vc_column_inner et_column_color=&#8221;et-light-column&#8221; animation=&#8221;animation bottom-to-top&#8221; offset=&#8221;vc_col-md-4&#8243; css=&#8221;.vc_custom_1614241045264{margin-top: 15px !important;margin-bottom: 15px !important;}&#8221;][\/vc_column_inner][\/vc_row_inner][\/vc_column][\/vc_row][vc_row et_full_width=&#8221;true&#8221; et_row_padding=&#8221;true&#8221;][vc_column][vc_separator css=&#8221;.vc_custom_1556305572662{margin-bottom: 0px !important;}&#8221;][\/vc_column][\/vc_row][vc_row css=&#8221;.vc_custom_1579142113600{margin-top: 60px !important;margin-bottom: 40px !important;}&#8221;][vc_column animation=&#8221;animation bottom-to-top&#8221;][vc_row_inner el_class=&#8221;align-center&#8221;][vc_column_inner&hellip;<\/p>\n","protected":false},"author":1,"featured_media":0,"parent":0,"menu_order":0,"comment_status":"closed","ping_status":"closed","template":"","meta":{"footnotes":""},"yst_prominent_words":[],"class_list":["post-9270","page","type-page","status-publish","hentry"],"acf":[],"_links":{"self":[{"href":"https:\/\/www.blana.ro\/en\/wp-json\/wp\/v2\/pages\/9270","targetHints":{"allow":["GET"]}}],"collection":[{"href":"https:\/\/www.blana.ro\/en\/wp-json\/wp\/v2\/pages"}],"about":[{"href":"https:\/\/www.blana.ro\/en\/wp-json\/wp\/v2\/types\/page"}],"author":[{"embeddable":true,"href":"https:\/\/www.blana.ro\/en\/wp-json\/wp\/v2\/users\/1"}],"replies":[{"embeddable":true,"href":"https:\/\/www.blana.ro\/en\/wp-json\/wp\/v2\/comments?post=9270"}],"version-history":[{"count":1,"href":"https:\/\/www.blana.ro\/en\/wp-json\/wp\/v2\/pages\/9270\/revisions"}],"predecessor-version":[{"id":13979,"href":"https:\/\/www.blana.ro\/en\/wp-json\/wp\/v2\/pages\/9270\/revisions\/13979"}],"wp:attachment":[{"href":"https:\/\/www.blana.ro\/en\/wp-json\/wp\/v2\/media?parent=9270"}],"wp:term":[{"taxonomy":"yst_prominent_words","embeddable":true,"href":"https:\/\/www.blana.ro\/en\/wp-json\/wp\/v2\/yst_prominent_words?post=9270"}],"curies":[{"name":"wp","href":"https:\/\/api.w.org\/{rel}","templated":true}]}}